{"id":10,"date":"2024-06-10T15:24:11","date_gmt":"2024-06-10T15:24:11","guid":{"rendered":"https:\/\/www.fonag.org.ec\/web\/?page_id=10"},"modified":"2026-08-31T17:30:44","modified_gmt":"2026-08-31T17:30:44","slug":"inicio","status":"publish","type":"page","link":"https:\/\/www.fonag.org.ec\/web\/","title":{"rendered":"Inicio"},"content":{"rendered":"\n<div class=\"et_pb_section_0 et_pb_section et_section_regular et_block_section et-pb-has-background-video et_pb_preload\"><span class=\"et-pb-background-video\"><video autoplay loop playsinline muted><source type=\"video\/webm\" data-src=\"https:\/\/www.fonag.org.ec\/web\/wp-content\/uploads\/2025\/03\/fondo-web.mp4\" \/><\/video><\/span><div class=\"et_pb_row_0 et_pb_row et_pb_gutters1 et_block_row\"><div class=\"et_pb_column_0 et_pb_column et_pb_column_4_4 et-last-child et_block_column et_pb_css_mix_blend_mode_passthrough\"><div class=\"et_pb_image_0 et_pb_image et_pb_module et_block_module\"><span class=\"et_pb_image_wrap\"><img decoding=\"async\" src=\"https:\/\/www.fonag.org.ec\/web\/wp-content\/uploads\/2026\/05\/Recurso-26.png\" width=\"129\" height=\"123\" srcset=\"https:\/\/www.fonag.org.ec\/web\/wp-content\/uploads\/2026\/05\/Recurso-26.png 129w\" sizes=\"(max-width: 129px) 100vw, 129px\" class=\"wp-image-3033\" title=\"Recurso 26\" \/><\/span><\/div><div class=\"et_pb_text_0 et_pb_text et_pb_bg_layout_light et_pb_module et_block_module\"><div class=\"et_pb_text_inner\"><p style=\"text-align: center;\"><img fetchpriority=\"high\" fetchpriority=\"high\" decoding=\"async\" src=\"https:\/\/www.fonag.org.ec\/web\/wp-content\/uploads\/2026\/05\/Slogan_FONAG.png\" width=\"912\" height=\"229\" alt=\"\" class=\"wp-image-3044 alignnone size-full\" \/><\/p>\n<\/div><\/div><div class=\"et_pb_text_1 et_pb_text et_pb_bg_layout_light et_pb_module et_block_module et_pb_text_align_center-phone et_pb_text_align_justified\"><div class=\"et_pb_text_inner\"><p style=\"text-align: center;\">El FONAG es el primer Fondo de Agua del mundo, trabajamos para conservar, restaurar y preservar los p\u00e1ramos y bosques que dan agua a Quito.<\/p>\n<\/div><\/div><div class=\"et_pb_module et_pb_button_module_wrapper et_pb_button_0_wrapper\"><a class=\"et_pb_button_0 et_pb_button et_pb_bg_layout_light et_pb_module et_block_module\" href=\"https:\/\/www.fonag.org.ec\/web\/nosotros\/\">Conoce m\u00e1s sobre nosotros<\/a><\/div><div class=\"et_pb_module et_pb_button_module_wrapper et_pb_button_1_wrapper\"><a class=\"et_pb_button_1 et_pb_button et_pb_bg_layout_light et_pb_module et_block_module\" href=\"https:\/\/www.fonag.org.ec\/web\/adquisiciones\/\" target=\"_blank\">ADQUISICIONES<\/a><\/div><\/div><\/div><\/div><div class=\"et_pb_section_1 et_pb_section et_section_regular et_block_section\"><div class=\"et_pb_row_1 et_pb_row et_block_row\"><div class=\"et_pb_column_1 et_pb_column et_pb_column_1_2 et_block_column et_pb_css_mix_blend_mode_passthrough\"><div class=\"et_pb_text_2 et_pb_text et_pb_bg_layout_light et_pb_module et_block_module\"><div class=\"et_pb_text_inner\"><h2>Los ecosistemas fuentes de agua <span style=\"color: #ff9900;\">son fr\u00e1giles<\/span><\/h2>\n<\/div><\/div><div class=\"et_pb_text_3 et_pb_text et_pb_bg_layout_light et_pb_module et_block_module et_pb_text_align_center-tablet et_pb_text_align_center-phone\"><div class=\"et_pb_text_inner\"><p>En Quito, el agua dulce que consumimos proviene de p\u00e1ramos y bosques andinos que rodean la ciudad.<\/p>\n<p>Nacimos en el a\u00f1o 2000, luego de negociaciones efectuadas desde 1995, ante la necesidad de conservar, restaurar y proteger estos ecosistemas altoandinos de pr\u00e1cticas agr\u00edcolas, ganaderas y forestales inadecuadas.<\/p>\n<\/div><\/div><\/div><div class=\"et_pb_column_2 et_pb_column et_pb_column_1_2 et-last-child et_block_column et_pb_column_empty et_pb_css_mix_blend_mode_passthrough\"><\/div><\/div><\/div><div class=\"et_pb_section_2 et_pb_section et_section_regular et_block_section\"><div class=\"et_pb_row_2 et_pb_row et_pb_row_4col et_pb_equal_columns et_pb_gutters2 et_block_row et_block_row_4col\"><div class=\"et_pb_column_3 et_pb_column et_pb_column_1_4 et_block_column et_pb_css_mix_blend_mode_passthrough\"><div class=\"et_pb_blurb_0 et_pb_blurb et_pb_bg_layout_light et_pb_blurb_position_top et_pb_section_parallax et_pb_module et_block_module\"><span class=\"et-pb-parallax-wrapper\"><span class=\"et-pb-parallax-background et-pb-parallax-background-module--divi-blurb-0\" style=\"background-image:url(https:\/\/www.fonag.org.ec\/web\/wp-content\/uploads\/2024\/06\/ECAP-Resultados-investigaciones.webp)\"><\/span><span class=\"et_parallax_gradient\" style=\"background-image:linear-gradient(180deg, rgba(0,0,0,0.7) 0%,rgba(0,0,0,0.7) 100%)\"><\/span><\/span><div class=\"et_pb_blurb_content\"><div class=\"et_pb_main_blurb_image et_animated\"><span class=\"et_pb_image_wrap et_pb_only_image_mode_wrap\"><img decoding=\"async\" src=\"https:\/\/www.fonag.org.ec\/web\/wp-content\/uploads\/2024\/06\/Informacion-Hidroclimatica.svg\" width=\"71\" height=\"67\" srcset=\"https:\/\/www.fonag.org.ec\/web\/wp-content\/uploads\/2024\/06\/Informacion-Hidroclimatica.svg 71w\" sizes=\"(min-width: 0px) and (max-width: 0px) 0px, (min-width: 1px) 71px, 100vw\" class=\"wp-image-23\" alt=\"Fondo Monitoreo impacto de inversiones\" \/><\/span><\/div><div class=\"et_pb_blurb_container\"><div class=\"et_pb_blurb_description\"><p>Generamos informaci\u00f3n hidroclim\u00e1tica, social y ambiental para la toma de decisiones<\/p>\n<\/div><\/div><\/div><\/div><\/div><div class=\"et_pb_column_4 et_pb_column et_pb_column_1_4 et_block_column et_pb_css_mix_blend_mode_passthrough\"><div class=\"et_pb_blurb_1 et_pb_blurb et_pb_bg_layout_light et_pb_blurb_position_top et_pb_section_parallax et_pb_module et_block_module\"><span class=\"et-pb-parallax-wrapper\"><span class=\"et-pb-parallax-background et-pb-parallax-background-module--divi-blurb-1\" style=\"background-image:url(https:\/\/www.fonag.org.ec\/web\/wp-content\/uploads\/2024\/06\/Fondo-Generacion-de-informacion-Hidroclimatica.webp)\"><\/span><span class=\"et_parallax_gradient\" style=\"background-image:linear-gradient(180deg, rgba(0,0,0,0.7) 0%,rgba(0,0,0,0.7) 100%)\"><\/span><\/span><div class=\"et_pb_blurb_content\"><div class=\"et_pb_main_blurb_image et_animated\"><span class=\"et_pb_image_wrap et_pb_only_image_mode_wrap\"><img loading=\"lazy\" loading=\"lazy\" decoding=\"async\" src=\"https:\/\/www.fonag.org.ec\/web\/wp-content\/uploads\/2024\/06\/Monitoreo-de-Impacto.svg\" width=\"51\" height=\"63\" srcset=\"https:\/\/www.fonag.org.ec\/web\/wp-content\/uploads\/2024\/06\/Monitoreo-de-Impacto.svg 51w\" sizes=\"(min-width: 0px) and (max-width: 0px) 0px, (min-width: 1px) 51px, 100vw\" class=\"wp-image-26\" alt=\"Fondo Generaci\u00f3n de informaci\u00f3n Hidroclim\u00e1tica\" \/><\/span><\/div><div class=\"et_pb_blurb_container\"><div class=\"et_pb_blurb_description\"><p>Monitoreamos el impacto de nuestras intervenciones<\/p>\n<\/div><\/div><\/div><\/div><\/div><div class=\"et_pb_column_5 et_pb_column et_pb_column_1_4 et_block_column et_pb_css_mix_blend_mode_passthrough\"><div class=\"et_pb_blurb_2 et_pb_blurb et_pb_bg_layout_light et_pb_blurb_position_top et_pb_section_parallax et_pb_module et_block_module\"><span class=\"et-pb-parallax-wrapper\"><span class=\"et-pb-parallax-background et-pb-parallax-background-module--divi-blurb-2\" style=\"background-image:url(https:\/\/www.fonag.org.ec\/web\/wp-content\/uploads\/2024\/06\/Fondo-Acuerdos-de-conservacion.webp)\"><\/span><span class=\"et_parallax_gradient\" style=\"background-image:linear-gradient(180deg, rgba(0,0,0,0.7) 0%,rgba(0,0,0,0.7) 100%)\"><\/span><\/span><div class=\"et_pb_blurb_content\"><div class=\"et_pb_main_blurb_image et_animated\"><span class=\"et_pb_image_wrap et_pb_only_image_mode_wrap\"><img loading=\"lazy\" loading=\"lazy\" decoding=\"async\" src=\"https:\/\/www.fonag.org.ec\/web\/wp-content\/uploads\/2024\/06\/Acuerdos-de-conservacion.svg\" width=\"60\" height=\"63\" srcset=\"https:\/\/www.fonag.org.ec\/web\/wp-content\/uploads\/2024\/06\/Acuerdos-de-conservacion.svg 60w\" sizes=\"(min-width: 0px) and (max-width: 0px) 0px, (min-width: 1px) 60px, 100vw\" class=\"wp-image-30\" alt=\"Acuerdos de conservaci\u00f3n\" \/><\/span><\/div><div class=\"et_pb_blurb_container\"><div class=\"et_pb_blurb_description\"><p>Establecemos acuerdos de conservaci\u00f3n con propietarios privados y comunitarios<\/p>\n<\/div><\/div><\/div><\/div><\/div><div class=\"et_pb_column_6 et_pb_column et_pb_column_1_4 et-last-child et_block_column et_pb_css_mix_blend_mode_passthrough\"><div class=\"et_pb_blurb_3 et_pb_blurb et_pb_bg_layout_light et_pb_blurb_position_top et_pb_section_parallax et_pb_module et_block_module\"><span class=\"et-pb-parallax-wrapper\"><span class=\"et-pb-parallax-background et-pb-parallax-background-module--divi-blurb-3\" style=\"background-image:url(https:\/\/www.fonag.org.ec\/web\/wp-content\/uploads\/2024\/06\/Fondo-Administracion-de-predios.webp)\"><\/span><span class=\"et_parallax_gradient\" style=\"background-image:linear-gradient(180deg, rgba(0,0,0,0.7) 0%,rgba(0,0,0,0.7) 100%)\"><\/span><\/span><div class=\"et_pb_blurb_content\"><div class=\"et_pb_main_blurb_image et_animated\"><span class=\"et_pb_image_wrap et_pb_only_image_mode_wrap\"><img loading=\"lazy\" loading=\"lazy\" decoding=\"async\" src=\"https:\/\/www.fonag.org.ec\/web\/wp-content\/uploads\/2024\/06\/Administracion-de-Predios.svg\" width=\"75\" height=\"59\" srcset=\"https:\/\/www.fonag.org.ec\/web\/wp-content\/uploads\/2024\/06\/Administracion-de-Predios.svg 75w\" sizes=\"(min-width: 0px) and (max-width: 0px) 0px, (min-width: 1px) 75px, 100vw\" class=\"wp-image-32\" alt=\"Administraci\u00f3n de Predios\" \/><\/span><\/div><div class=\"et_pb_blurb_container\"><div class=\"et_pb_blurb_description\"><p>Administraci\u00f3n, control y vigilancia de predios propios y de la EPMAPS<\/p>\n<\/div><\/div><\/div><\/div><\/div><\/div><div class=\"et_pb_row_3 et_pb_row et_pb_row_4col et_pb_equal_columns et_pb_gutters2 et_block_row et_block_row_4col two-col-tab\"><div class=\"et_pb_column_7 et_pb_column et_pb_column_1_4 et_block_column et_pb_css_mix_blend_mode_passthrough\"><div class=\"et_pb_blurb_4 et_pb_blurb et_pb_bg_layout_light et_pb_blurb_position_top et_pb_section_parallax et_pb_module et_block_module\"><span class=\"et-pb-parallax-wrapper\"><span class=\"et-pb-parallax-background et-pb-parallax-background-module--divi-blurb-4\" style=\"background-image:url(https:\/\/www.fonag.org.ec\/web\/wp-content\/uploads\/2024\/07\/Inicio-Que-hacemos-Restauramos-paramos-degradados.webp)\"><\/span><span class=\"et_parallax_gradient\" style=\"background-image:linear-gradient(180deg, rgba(0,0,0,0.7) 0%,rgba(0,0,0,0.7) 100%)\"><\/span><\/span><div class=\"et_pb_blurb_content\"><div class=\"et_pb_main_blurb_image et_animated\"><span class=\"et_pb_image_wrap et_pb_only_image_mode_wrap\"><img loading=\"lazy\" loading=\"lazy\" decoding=\"async\" src=\"https:\/\/www.fonag.org.ec\/web\/wp-content\/uploads\/2024\/06\/Restauracion-de-Paramos.svg\" width=\"62\" height=\"61\" srcset=\"https:\/\/www.fonag.org.ec\/web\/wp-content\/uploads\/2024\/06\/Restauracion-de-Paramos.svg 62w\" sizes=\"(min-width: 0px) and (max-width: 0px) 0px, (min-width: 1px) 62px, 100vw\" class=\"wp-image-36\" alt=\"Inicio Qu\u00e9 hacemos Restauramos p\u00e1ramos degradados\" \/><\/span><\/div><div class=\"et_pb_blurb_container\"><div class=\"et_pb_blurb_description\"><p>Restauramos p\u00e1ramos degradados y sobrepastoreados<\/p>\n<\/div><\/div><\/div><\/div><\/div><div class=\"et_pb_column_8 et_pb_column et_pb_column_1_4 et_block_column et_pb_css_mix_blend_mode_passthrough\"><div class=\"et_pb_blurb_5 et_pb_blurb et_pb_bg_layout_light et_pb_blurb_position_top et_pb_section_parallax et_pb_module et_block_module\"><span class=\"et-pb-parallax-wrapper\"><span class=\"et-pb-parallax-background et-pb-parallax-background-module--divi-blurb-5\" style=\"background-image:url(https:\/\/www.fonag.org.ec\/web\/wp-content\/uploads\/2024\/07\/ECAP-Becas-como-trabajamos-fondo.webp)\"><\/span><span class=\"et_parallax_gradient\" style=\"background-image:linear-gradient(180deg, rgba(0,0,0,0.7) 0%,rgba(0,0,0,0.7) 100%)\"><\/span><\/span><div class=\"et_pb_blurb_content\"><div class=\"et_pb_main_blurb_image et_animated\"><span class=\"et_pb_image_wrap et_pb_only_image_mode_wrap\"><img loading=\"lazy\" loading=\"lazy\" decoding=\"async\" src=\"https:\/\/www.fonag.org.ec\/web\/wp-content\/uploads\/2024\/06\/Educacion-y-Sensibilizacion.svg\" width=\"66\" height=\"55\" srcset=\"https:\/\/www.fonag.org.ec\/web\/wp-content\/uploads\/2024\/06\/Educacion-y-Sensibilizacion.svg 66w\" sizes=\"(min-width: 0px) and (max-width: 0px) 0px, (min-width: 1px) 66px, 100vw\" class=\"wp-image-38\" alt=\"Educaci\u00f3n y Sensibilizaci\u00f3n\" \/><\/span><\/div><div class=\"et_pb_blurb_container\"><div class=\"et_pb_blurb_description\"><p>Educamos y sensibilizamos sobre la importancia de los ecosistemas fuentes de agua<\/p>\n<\/div><\/div><\/div><\/div><\/div><div class=\"et_pb_column_9 et_pb_column et_pb_column_1_4 et_block_column et_pb_css_mix_blend_mode_passthrough\"><div class=\"et_pb_blurb_6 et_pb_blurb et_pb_bg_layout_light et_pb_blurb_position_top et_pb_section_parallax et_pb_module et_block_module\"><span class=\"et-pb-parallax-wrapper\"><span class=\"et-pb-parallax-background et-pb-parallax-background-module--divi-blurb-6\" style=\"background-image:url(https:\/\/www.fonag.org.ec\/web\/wp-content\/uploads\/2024\/06\/FONAG-Ecuador-es-parte-de-Accion-Andina.webp)\"><\/span><span class=\"et_parallax_gradient\" style=\"background-image:linear-gradient(180deg, rgba(0,0,0,0.7) 0%,rgba(0,0,0,0.7) 100%)\"><\/span><\/span><div class=\"et_pb_blurb_content\"><div class=\"et_pb_main_blurb_image et_animated\"><span class=\"et_pb_image_wrap et_pb_only_image_mode_wrap\"><img loading=\"lazy\" loading=\"lazy\" decoding=\"async\" src=\"https:\/\/www.fonag.org.ec\/web\/wp-content\/uploads\/2024\/06\/Vinculacion-de-investigadores-con-tomadores-de-decisiones.svg\" width=\"62\" height=\"62\" srcset=\"https:\/\/www.fonag.org.ec\/web\/wp-content\/uploads\/2024\/06\/Vinculacion-de-investigadores-con-tomadores-de-decisiones.svg 62w\" sizes=\"(min-width: 0px) and (max-width: 0px) 0px, (min-width: 1px) 62px, 100vw\" class=\"wp-image-40\" alt=\"Vinculaci\u00f3n de investigadores con tomadores de decisiones\" \/><\/span><\/div><div class=\"et_pb_blurb_container\"><div class=\"et_pb_blurb_description\"><p>Vinculamos a investigadores con tomadores de decisi\u00f3n<\/p>\n<\/div><\/div><\/div><\/div><\/div><div class=\"et_pb_column_10 et_pb_column et_pb_column_1_4 et-last-child et_block_column et_pb_css_mix_blend_mode_passthrough\"><div class=\"et_pb_module et_pb_button_module_wrapper et_pb_button_2_wrapper\"><a class=\"et_pb_button_2 et_pb_button et_pb_bg_layout_light et_pb_module et_block_module\" href=\"https:\/\/www.fonag.org.ec\/web\/que-hacemos\/\">Conoce m\u00e1s sobre nuestras acciones<\/a><\/div><\/div><\/div><\/div><div class=\"et_pb_section_3 et_pb_section et_section_regular et_block_section\"><div class=\"et_pb_row_4 et_pb_row et_block_row\"><div class=\"et_pb_column_11 et_pb_column et_pb_column_4_4 et-last-child et_block_column et_pb_css_mix_blend_mode_passthrough\"><div class=\"et_pb_text_4 et_pb_text et_pb_bg_layout_light et_pb_module et_block_module\"><div class=\"et_pb_text_inner\"><h2>\u00bfD\u00f3nde actuamos?<\/h2>\n<\/div><\/div><div class=\"et_pb_code_0 et_pb_code et_pb_module\"><div class=\"et_pb_code_inner\"><iframe width=\"560\" height=\"315\" src=\"https:\/\/www.youtube.com\/embed\/aBN8IW_Cy6U?si=cl1FbZEjA7BgtrLP\" title=\"YouTube video player\" frameborder=\"0\" allow=\"accelerometer; autoplay; clipboard-write; encrypted-media; gyroscope; picture-in-picture; web-share\" referrerpolicy=\"strict-origin-when-cross-origin\" allowfullscreen><\/iframe><\/div><\/div><\/div><\/div><\/div><div class=\"et_pb_section_4 et_pb_section et_section_regular et_block_section\"><div class=\"et_pb_row_5 et_pb_row et_block_row\"><div class=\"et_pb_column_12 et_pb_column et_pb_column_4_4 et-last-child et_block_column et_pb_css_mix_blend_mode_passthrough\"><div class=\"et_pb_text_5 et_pb_text et_pb_bg_layout_light et_pb_module et_block_module et_pb_text_align_center\"><div class=\"et_pb_text_inner\"><h2>FONAG en cifras<\/h2>\n<\/div><\/div><\/div><\/div><div class=\"et_pb_row_6 et_pb_row et_block_row\"><div class=\"et_pb_column_13 et_pb_column et_pb_column_1_3 et_block_column et_pb_css_mix_blend_mode_passthrough\"><div class=\"et_pb_text_6 et_pb_text et_pb_bg_layout_light et_pb_module et_block_module\"><div class=\"et_pb_text_inner\"><h3>Hect\u00e1reas recuperadas y restauradas<\/h3>\n<\/div><\/div><div class=\"et_pb_number_counter_0 et_pb_number_counter et_pb_bg_layout_light et_pb_text_align_center et_pb_module et_block_module\"><div class=\"percent\"><p><span class=\"percent-value\"><\/span><span class=\"percent-sign\"><\/span><\/p><\/div><\/div><\/div><div class=\"et_pb_column_14 et_pb_column et_pb_column_1_3 et_block_column et_pb_css_mix_blend_mode_passthrough\"><div class=\"et_pb_text_7 et_pb_text et_pb_bg_layout_light et_pb_module et_block_module\"><div class=\"et_pb_text_inner\"><h3>Hect\u00e1reas propias y de constituyentes administradas<\/h3>\n<\/div><\/div><div class=\"et_pb_number_counter_1 et_pb_number_counter et_pb_bg_layout_light et_pb_text_align_center et_pb_module et_block_module\"><div class=\"percent\"><p><span class=\"percent-value\"><\/span><span class=\"percent-sign\"><\/span><\/p><\/div><\/div><\/div><div class=\"et_pb_column_15 et_pb_column et_pb_column_1_3 et-last-child et_block_column et_pb_css_mix_blend_mode_passthrough\"><div class=\"et_pb_text_8 et_pb_text et_pb_bg_layout_light et_pb_module et_block_module\"><div class=\"et_pb_text_inner\"><h3>Familias beneficiadas mediante acuerdos de conservaci\u00f3n<\/h3>\n<\/div><\/div><div class=\"et_pb_number_counter_2 et_pb_number_counter et_pb_bg_layout_light et_pb_text_align_center et_pb_module et_block_module\"><div class=\"percent\"><p><span class=\"percent-value\"><\/span><span class=\"percent-sign\"><\/span><\/p><\/div><\/div><\/div><\/div><div class=\"et_pb_row_7 et_pb_row et_block_row\"><div class=\"et_pb_column_16 et_pb_column et_pb_column_4_4 et-last-child et_block_column et_pb_css_mix_blend_mode_passthrough\"><\/div><\/div><div class=\"et_pb_row_8 et_pb_row et_block_row\"><div class=\"et_pb_column_17 et_pb_column et_pb_column_4_4 et-last-child et_block_column et_pb_css_mix_blend_mode_passthrough\"><div class=\"et_pb_module et_pb_button_module_wrapper et_pb_button_3_wrapper\"><a class=\"et_pb_button_3 et_pb_button et_pb_bg_layout_light et_pb_module et_block_module\" href=\"https:\/\/www.fonag.org.ec\/web\/fonag-en-cifras\/\">Conoce m\u00e1s cifras<\/a><\/div><\/div><\/div><\/div><div class=\"et_pb_section_5 et_pb_section et_section_regular et_block_section\"><div class=\"et_pb_row_9 et_pb_row et_pb_row_1-4_1-2_1-4 et_block_row et_block_row_1-4_1-2_1-4\"><div class=\"et_pb_column_18 et_pb_column et_pb_column_1_4 et_block_column et_pb_column_empty et_pb_css_mix_blend_mode_passthrough\"><\/div><div class=\"et_pb_column_19 et_pb_column et_pb_column_1_2 et_block_column et_pb_css_mix_blend_mode_passthrough\"><div class=\"et_pb_image_1 et_pb_image et_pb_image_sticky et_pb_module et_block_module\"><span class=\"et_pb_image_wrap\"><img loading=\"lazy\" loading=\"lazy\" decoding=\"async\" src=\"https:\/\/www.fonag.org.ec\/web\/wp-content\/uploads\/2026\/05\/Recurso-20.png\" width=\"612\" height=\"91\" srcset=\"https:\/\/www.fonag.org.ec\/web\/wp-content\/uploads\/2026\/05\/Recurso-20.png 612w, https:\/\/www.fonag.org.ec\/web\/wp-content\/uploads\/2026\/05\/Recurso-20-480x71.png 480w\" sizes=\"(min-width: 0px) and (max-width: 480px) 480px, (min-width: 481px) 612px, 100vw\" class=\"wp-image-3027\" title=\"Recurso 20\" \/><\/span><\/div><\/div><div class=\"et_pb_column_20 et_pb_column et_pb_column_1_4 et-last-child et_block_column et_pb_column_empty et_pb_css_mix_blend_mode_passthrough\"><\/div><\/div><\/div><div class=\"et_pb_section_6 et_pb_section et_section_regular et_block_section\"><div class=\"et_pb_row_10 et_pb_row et_block_row\"><div class=\"et_pb_column_21 et_pb_column et_pb_column_4_4 et-last-child et_block_column et_pb_css_mix_blend_mode_passthrough\"><div class=\"et_pb_text_10 et_pb_text et_pb_bg_layout_light et_pb_module et_block_module\"><div class=\"et_pb_text_inner\"><h2>Servicios<\/h2>\n<\/div><\/div><\/div><\/div><div class=\"et_pb_row_11 et_pb_row et_pb_equal_columns et_block_row\"><div class=\"et_pb_column_22 et_pb_column et_pb_column_1_3 et_block_column et_pb_css_mix_blend_mode_passthrough\"><div class=\"et_pb_image_2 et_pb_image et_pb_module et_block_module\"><span class=\"et_pb_image_wrap\"><img loading=\"lazy\" loading=\"lazy\" decoding=\"async\" src=\"https:\/\/www.fonag.org.ec\/web\/wp-content\/uploads\/2024\/06\/FONAG-Informacion-hidroclimatica.webp\" width=\"500\" height=\"600\" srcset=\"https:\/\/www.fonag.org.ec\/web\/wp-content\/uploads\/2024\/06\/FONAG-Informacion-hidroclimatica.webp 500w, https:\/\/www.fonag.org.ec\/web\/wp-content\/uploads\/2024\/06\/FONAG-Informacion-hidroclimatica-480x576.webp 480w\" sizes=\"(min-width: 0px) and (max-width: 480px) 480px, (min-width: 481px) 500px, 100vw\" class=\"wp-image-52\" alt=\"FONAG Informaci\u00f3n hidroclim\u00e1tica\" title=\"FONAG Informaci\u00f3n hidroclim\u00e1tica\" \/><\/span><\/div><div class=\"et_pb_module et_pb_button_module_wrapper et_pb_button_4_wrapper\"><a class=\"et_pb_button_4 et_pb_button et_pb_bg_layout_light et_pb_module et_block_module\" href=\"http:\/\/sedc.fonag.org.ec\/\" target=\"_blank\">Informaci\u00f3n hidroclim\u00e1tica<\/a><\/div><\/div><div class=\"et_pb_column_23 et_pb_column et_pb_column_1_3 et_block_column et_pb_css_mix_blend_mode_passthrough\"><div class=\"et_pb_image_3 et_pb_image et_pb_module et_block_module\"><span class=\"et_pb_image_wrap\"><img loading=\"lazy\" loading=\"lazy\" decoding=\"async\" src=\"https:\/\/www.fonag.org.ec\/web\/wp-content\/uploads\/2024\/07\/FONAG-Repositorio-digital-y-geovisor-imagen.webp\" width=\"500\" height=\"600\" srcset=\"https:\/\/www.fonag.org.ec\/web\/wp-content\/uploads\/2024\/07\/FONAG-Repositorio-digital-y-geovisor-imagen.webp 500w, https:\/\/www.fonag.org.ec\/web\/wp-content\/uploads\/2024\/07\/FONAG-Repositorio-digital-y-geovisor-imagen-480x576.webp 480w\" sizes=\"(min-width: 0px) and (max-width: 480px) 480px, (min-width: 481px) 500px, 100vw\" class=\"wp-image-1463\" alt=\"FONAG Repositorio digital y geovisor\" title=\"FONAG Repositorio digital y geovisor imagen\" \/><\/span><\/div><div class=\"et_pb_module et_pb_button_module_wrapper et_pb_button_5_wrapper\"><a class=\"et_pb_button_5 et_pb_button et_pb_bg_layout_light et_pb_module et_block_module\" href=\"http:\/\/geovisor.fonag.org.ec\/\" target=\"_blank\">Repositorio digital y geovisor<\/a><\/div><\/div><div class=\"et_pb_column_24 et_pb_column et_pb_column_1_3 et-last-child et_block_column et_pb_css_mix_blend_mode_passthrough\"><div class=\"et_pb_image_4 et_pb_image et_pb_module et_block_module\"><span class=\"et_pb_image_wrap\"><img loading=\"lazy\" loading=\"lazy\" decoding=\"async\" src=\"https:\/\/www.fonag.org.ec\/web\/wp-content\/uploads\/2024\/06\/FONAG-Estacion-Cientifica-Agua-y-Paramo-ECAP.webp\" width=\"500\" height=\"600\" srcset=\"https:\/\/www.fonag.org.ec\/web\/wp-content\/uploads\/2024\/06\/FONAG-Estacion-Cientifica-Agua-y-Paramo-ECAP.webp 500w, https:\/\/www.fonag.org.ec\/web\/wp-content\/uploads\/2024\/06\/FONAG-Estacion-Cientifica-Agua-y-Paramo-ECAP-480x576.webp 480w\" sizes=\"(min-width: 0px) and (max-width: 480px) 480px, (min-width: 481px) 500px, 100vw\" class=\"wp-image-54\" alt=\"FONAG Estaci\u00f3n Cient\u00edfica Agua y P\u00e1ramo ECAP\" title=\"FONAG Estaci\u00f3n Cient\u00edfica Agua y P\u00e1ramo ECAP\" \/><\/span><\/div><div class=\"et_pb_module et_pb_button_module_wrapper et_pb_button_6_wrapper\"><a class=\"et_pb_button_6 et_pb_button et_pb_bg_layout_light et_pb_module et_block_module\" href=\"https:\/\/ecap.org.ec\/\" target=\"_blank\">Estaci\u00f3n Cient\u00edfica Agua y P\u00e1ramo<\/a><\/div><\/div><\/div><\/div><div class=\"et_pb_section_7 et_pb_section et_section_regular et_block_section\"><div class=\"et_pb_row_12 et_pb_row et_block_row\"><div class=\"et_pb_column_25 et_pb_column et_pb_column_4_4 et-last-child et_block_column et_pb_css_mix_blend_mode_passthrough\"><div class=\"et_pb_text_11 et_pb_text et_pb_bg_layout_light et_pb_module et_block_module\"><div class=\"et_pb_text_inner\"><h2>Nuestros constituyentes<\/h2>\n<\/div><\/div><div class=\"et_pb_module et_d4_element dipl_logo_slider dipl_logo_slider_0\">\n\t\t\t\t\n\t\t\t\t\n\t\t\t\t\n\t\t\t\t\n\t\t\t\t\n\t\t\t\t\n\t\t\t\t<div class=\"et_pb_module_inner\">\n\t\t\t\t\t<div class=\"dipl_swiper_wrapper\"><div class=\"dipl_logo_slider_wrapper dipl_swiper_inner_wrap dipl_slide_center\"><div class=\"swiper-container\"><div class=\"swiper-wrapper\"><div class=\"et_pb_module et_d4_element dipl_logo_slider_item dipl_logo_slider_item_0 et_clickable swiper-slide\">\n\t\t\t\t\n\t\t\t\t\n\t\t\t\t\n\t\t\t\t\n\t\t\t\t\n\t\t\t\t\n\t\t\t\t<div class=\"et_pb_module_inner\">\n\t\t\t\t\t<div class=\"dipl_logo_wrapper\"><img decoding=\"async\" class=\"dipl_logo_image no-lazyload skip-lazy\" src=\"https:\/\/www.fonag.org.ec\/web\/wp-content\/uploads\/2024\/06\/Logo-Agua-de-Quito-EPMAPS.svg\" alt=\"FONAG EPMAPS Agua de Quito\"\/><\/div>\n\t\t\t\t<\/div>\n\t\t\t<\/div><div class=\"et_pb_module et_d4_element dipl_logo_slider_item dipl_logo_slider_item_1 et_clickable swiper-slide\">\n\t\t\t\t\n\t\t\t\t\n\t\t\t\t\n\t\t\t\t\n\t\t\t\t\n\t\t\t\t\n\t\t\t\t<div class=\"et_pb_module_inner\">\n\t\t\t\t\t<div class=\"dipl_logo_wrapper\"><img decoding=\"async\" class=\"dipl_logo_image no-lazyload skip-lazy\" src=\"https:\/\/www.fonag.org.ec\/web\/wp-content\/uploads\/2024\/06\/Logo-The-Nature-Conservancy.svg\" alt=\"FONAG The Nature Conservancy\"\/><\/div>\n\t\t\t\t<\/div>\n\t\t\t<\/div><div class=\"et_pb_module et_d4_element dipl_logo_slider_item dipl_logo_slider_item_2 et_clickable swiper-slide\">\n\t\t\t\t\n\t\t\t\t\n\t\t\t\t\n\t\t\t\t\n\t\t\t\t\n\t\t\t\t\n\t\t\t\t<div class=\"et_pb_module_inner\">\n\t\t\t\t\t<div class=\"dipl_logo_wrapper\"><img decoding=\"async\" class=\"dipl_logo_image no-lazyload skip-lazy\" src=\"https:\/\/www.fonag.org.ec\/web\/wp-content\/uploads\/2024\/06\/Logo-Empresa-Electrica-Quito.svg\" alt=\"Fonag Empresa El\u00e9ctrica Quito\"\/><\/div>\n\t\t\t\t<\/div>\n\t\t\t<\/div><div class=\"et_pb_module et_d4_element dipl_logo_slider_item dipl_logo_slider_item_3 et_clickable swiper-slide\">\n\t\t\t\t\n\t\t\t\t\n\t\t\t\t\n\t\t\t\t\n\t\t\t\t\n\t\t\t\t\n\t\t\t\t<div class=\"et_pb_module_inner\">\n\t\t\t\t\t<div class=\"dipl_logo_wrapper\"><img decoding=\"async\" class=\"dipl_logo_image no-lazyload skip-lazy\" src=\"https:\/\/www.fonag.org.ec\/web\/wp-content\/uploads\/2024\/06\/Logo-Tesalia-cbc.svg\" alt=\"Tesalia cbc\"\/><\/div>\n\t\t\t\t<\/div>\n\t\t\t<\/div><div class=\"et_pb_module et_d4_element dipl_logo_slider_item dipl_logo_slider_item_4 et_clickable swiper-slide\">\n\t\t\t\t\n\t\t\t\t\n\t\t\t\t\n\t\t\t\t\n\t\t\t\t\n\t\t\t\t\n\t\t\t\t<div class=\"et_pb_module_inner\">\n\t\t\t\t\t<div class=\"dipl_logo_wrapper\"><img decoding=\"async\" class=\"dipl_logo_image no-lazyload skip-lazy\" src=\"https:\/\/www.fonag.org.ec\/web\/wp-content\/uploads\/2025\/03\/Logo-CN-Horizontal_FullColorNegro.png\" alt=\"Cervecer\u00eda Nacional\"\/><\/div>\n\t\t\t\t<\/div>\n\t\t\t<\/div><div class=\"et_pb_module et_d4_element dipl_logo_slider_item dipl_logo_slider_item_5 et_clickable swiper-slide\">\n\t\t\t\t\n\t\t\t\t\n\t\t\t\t\n\t\t\t\t\n\t\t\t\t\n\t\t\t\t\n\t\t\t\t<div class=\"et_pb_module_inner\">\n\t\t\t\t\t<div class=\"dipl_logo_wrapper\"><img decoding=\"async\" class=\"dipl_logo_image no-lazyload skip-lazy\" src=\"https:\/\/www.fonag.org.ec\/web\/wp-content\/uploads\/2024\/06\/Logo-Consorcio-Camaren.svg\" alt=\"Consorcio Camaren\"\/><\/div>\n\t\t\t\t<\/div>\n\t\t\t<\/div><\/div> <!-- swiper-wrapper --><\/div> <!-- swiper-container --><div class=\"dipl_swiper_navigation\" data-arrows_desktop=\"outside\"><div class=\"swiper-button-next\" data-next_slide_arrow=\"&#xf0da;\"><\/div> <div class=\"swiper-button-prev\" data-previous_slide_arrow=\"&#xf0d9;\"><\/div><\/div><\/div> <!-- dipl_logo_slider_wrapper --><div class=\"dipl_swiper_pagination\"><div class=\"swiper-pagination solid_dot\"><\/div><\/div><\/div> <!--- dipl_swiper_wrapper --><script>jQuery(function($) {var dipl_logo_slider_0_swiper = new Swiper('.dipl_logo_slider_0 .swiper-container', {\n                            slidesPerView: 4,\n                            slidesPerGroup: 1,\n                            slidesPerGroupSkip: 3,\n                            autoplay: {\n                                delay:2000,\n                                disableOnInteraction: true,\n                            },\n                            spaceBetween: 15,\n                            speed: 1000,\n                            loop: false,\n                            pagination: {\n                        el: '.dipl_logo_slider_0 .swiper-pagination',\n                        dynamicBullets: true,\n                        clickable: true,\n                    },\n                            navigation: {    \n                            nextEl: '.dipl_logo_slider_0 .swiper-button-next',\n                            prevEl: '.dipl_logo_slider_0 .swiper-button-prev',\n                    },\n                            grabCursor: 'true',\n                            observer: true,\n\t\t\t\t\t\t\tobserveParents: true,\n                            breakpoints: {\n                            \t981: {\n\t\t                          \tslidesPerView: 4,\n\t\t                          \tspaceBetween: 15,\n                            \t\tslidesPerGroup: 1,\n                            \t\tslidesPerGroupSkip: 3,\n\t\t                        },\n\t\t                        768: {\n\t\t                          \tslidesPerView: 2,\n\t\t                          \tspaceBetween: 15,\n\t\t                          \tslidesPerGroup: 1,\n                            \t\tslidesPerGroupSkip: 1,\n\t\t                        },\n\t\t                        0: {\n\t\t                          \tslidesPerView: 1,\n\t\t                          \tspaceBetween: 15,\n\t\t                          \tslidesPerGroup: 1,\n                            \t\tslidesPerGroupSkip: 0,\n\t\t                        }\n\t\t                    },\n                    });$(\".dipl_logo_slider_0 .swiper-container\").on(\"mouseenter\", function(e) {\n\t\t\t\t\t\t\tif ( typeof dipl_logo_slider_0_swiper.autoplay.stop === \"function\" ) {\n\t\t\t\t\t\t\t\tdipl_logo_slider_0_swiper.autoplay.stop();\n\t\t\t\t\t\t\t}\n                        });$(\".dipl_logo_slider_0 .swiper-container\").on(\"mouseleave\", function(e) {\n        \t\t\t\t\tif ( typeof dipl_logo_slider_0_swiper.autoplay.start === \"function\" ) {\n                            \tdipl_logo_slider_0_swiper.autoplay.start();\n                            }\n                        });dipl_logo_slider_0_swiper.on('reachEnd', function(){\n                            dipl_logo_slider_0_swiper.autoplay = false;\n                        });});<\/script>\n\t\t\t\t<\/div>\n\t\t\t<\/div><\/div><\/div><\/div>\n","protected":false},"excerpt":{"rendered":"","protected":false},"author":1,"featured_media":0,"parent":0,"menu_order":0,"comment_status":"closed","ping_status":"closed","template":"","meta":{"nf_dc_page":"","_et_pb_use_builder":"on","_et_pb_old_content":"","_et_gb_content_width":"","footnotes":"","_members_access_role":[],"_members_access_error":"","_links_to":"","_links_to_target":""},"class_list":["post-10","page","type-page","status-publish","hentry"],"yoast_head":"<!-- This site is optimized with the Yoast SEO plugin v28.4 - https:\/\/yoast.com\/product\/yoast-seo-wordpress\/ -->\n<title>FONAG - Fondo para la Protecci\u00f3n del Agua<\/title>\n<meta name=\"description\" content=\"En el FONAG, el primer Fondo de Agua del mundo, conservamos, restauramos y preservamos los ecosistemas fuentes de agua para Quito.\" \/>\n<meta name=\"robots\" content=\"index, follow, max-snippet:-1, max-image-preview:large, max-video-preview:-1\" \/>\n<link rel=\"canonical\" href=\"https:\/\/www.fonag.org.ec\/web\/\" \/>\n<meta property=\"og:locale\" content=\"es_ES\" \/>\n<meta property=\"og:type\" content=\"article\" \/>\n<meta property=\"og:title\" content=\"FONAG\" \/>\n<meta property=\"og:description\" content=\"Somos el Fondo para la Protecci\u00f3n del Agua, FONAG. Conservamos, restauramos y preservamos los ecosistemas fuentes de agua para Quito.\" \/>\n<meta property=\"og:url\" content=\"https:\/\/www.fonag.org.ec\/web\/\" \/>\n<meta property=\"og:site_name\" content=\"FONAG\" \/>\n<meta property=\"article:modified_time\" content=\"2026-08-31T17:30:44+00:00\" \/>\n<meta property=\"og:image\" content=\"https:\/\/www.fonag.org.ec\/web\/wp-content\/uploads\/2024\/07\/FONAG-Favicon.png\" \/>\n\t<meta property=\"og:image:width\" content=\"550\" \/>\n\t<meta property=\"og:image:height\" content=\"550\" \/>\n\t<meta property=\"og:image:type\" content=\"image\/png\" \/>\n<meta name=\"twitter:card\" content=\"summary_large_image\" \/>\n<meta name=\"twitter:title\" content=\"FONAG\" \/>\n<meta name=\"twitter:description\" content=\"Somos el Fondo para la Protecci\u00f3n del Agua, FONAG. Conservamos, restauramos y preservamos los ecosistemas fuentes de agua para Quito.\" \/>\n<meta name=\"twitter:image\" content=\"https:\/\/www.fonag.org.ec\/web\/wp-content\/uploads\/2024\/07\/FONAG-Favicon.png\" \/>\n<meta name=\"twitter:label1\" content=\"Tiempo de lectura\" \/>\n\t<meta name=\"twitter:data1\" content=\"5 minutos\" \/>\n<script type=\"application\/ld+json\" class=\"yoast-schema-graph\">{\"@context\":\"https:\\\/\\\/schema.org\",\"@graph\":[{\"@type\":\"WebPage\",\"@id\":\"https:\\\/\\\/www.fonag.org.ec\\\/web\\\/\",\"url\":\"https:\\\/\\\/www.fonag.org.ec\\\/web\\\/\",\"name\":\"FONAG - Fondo para la Protecci\u00f3n del Agua\",\"isPartOf\":{\"@id\":\"https:\\\/\\\/www.fonag.org.ec\\\/web\\\/#website\"},\"datePublished\":\"2024-06-10T15:24:11+00:00\",\"dateModified\":\"2026-08-31T17:30:44+00:00\",\"description\":\"En el FONAG, el primer Fondo de Agua del mundo, conservamos, restauramos y preservamos los ecosistemas fuentes de agua para Quito.\",\"breadcrumb\":{\"@id\":\"https:\\\/\\\/www.fonag.org.ec\\\/web\\\/#breadcrumb\"},\"inLanguage\":\"es\",\"potentialAction\":[{\"@type\":\"ReadAction\",\"target\":[\"https:\\\/\\\/www.fonag.org.ec\\\/web\\\/\"]}]},{\"@type\":\"BreadcrumbList\",\"@id\":\"https:\\\/\\\/www.fonag.org.ec\\\/web\\\/#breadcrumb\",\"itemListElement\":[{\"@type\":\"ListItem\",\"position\":1,\"name\":\"Portada\",\"item\":\"https:\\\/\\\/www.fonag.org.ec\\\/web\\\/\"},{\"@type\":\"ListItem\",\"position\":2,\"name\":\"Inicio\"}]},{\"@type\":\"WebSite\",\"@id\":\"https:\\\/\\\/www.fonag.org.ec\\\/web\\\/#website\",\"url\":\"https:\\\/\\\/www.fonag.org.ec\\\/web\\\/\",\"name\":\"Fonag\",\"description\":\"Fondo para la protecci\u00f3n del agua\",\"potentialAction\":[{\"@type\":\"SearchAction\",\"target\":{\"@type\":\"EntryPoint\",\"urlTemplate\":\"https:\\\/\\\/www.fonag.org.ec\\\/web\\\/?s={search_term_string}\"},\"query-input\":{\"@type\":\"PropertyValueSpecification\",\"valueRequired\":true,\"valueName\":\"search_term_string\"}}],\"inLanguage\":\"es\"}]}<\/script>\n<!-- \/ Yoast SEO plugin. -->","yoast_head_json":{"title":"FONAG - Fondo para la Protecci\u00f3n del Agua","description":"En el FONAG, el primer Fondo de Agua del mundo, conservamos, restauramos y preservamos los ecosistemas fuentes de agua para Quito.","robots":{"index":"index","follow":"follow","max-snippet":"max-snippet:-1","max-image-preview":"max-image-preview:large","max-video-preview":"max-video-preview:-1"},"canonical":"https:\/\/www.fonag.org.ec\/web\/","og_locale":"es_ES","og_type":"article","og_title":"FONAG","og_description":"Somos el Fondo para la Protecci\u00f3n del Agua, FONAG. Conservamos, restauramos y preservamos los ecosistemas fuentes de agua para Quito.","og_url":"https:\/\/www.fonag.org.ec\/web\/","og_site_name":"FONAG","article_modified_time":"2026-08-31T17:30:44+00:00","og_image":[{"width":550,"height":550,"url":"https:\/\/www.fonag.org.ec\/web\/wp-content\/uploads\/2024\/07\/FONAG-Favicon.png","type":"image\/png"}],"twitter_card":"summary_large_image","twitter_title":"FONAG","twitter_description":"Somos el Fondo para la Protecci\u00f3n del Agua, FONAG. Conservamos, restauramos y preservamos los ecosistemas fuentes de agua para Quito.","twitter_image":"https:\/\/www.fonag.org.ec\/web\/wp-content\/uploads\/2024\/07\/FONAG-Favicon.png","twitter_misc":{"Tiempo de lectura":"5 minutos"},"schema":{"@context":"https:\/\/schema.org","@graph":[{"@type":"WebPage","@id":"https:\/\/www.fonag.org.ec\/web\/","url":"https:\/\/www.fonag.org.ec\/web\/","name":"FONAG - Fondo para la Protecci\u00f3n del Agua","isPartOf":{"@id":"https:\/\/www.fonag.org.ec\/web\/#website"},"datePublished":"2024-06-10T15:24:11+00:00","dateModified":"2026-08-31T17:30:44+00:00","description":"En el FONAG, el primer Fondo de Agua del mundo, conservamos, restauramos y preservamos los ecosistemas fuentes de agua para Quito.","breadcrumb":{"@id":"https:\/\/www.fonag.org.ec\/web\/#breadcrumb"},"inLanguage":"es","potentialAction":[{"@type":"ReadAction","target":["https:\/\/www.fonag.org.ec\/web\/"]}]},{"@type":"BreadcrumbList","@id":"https:\/\/www.fonag.org.ec\/web\/#breadcrumb","itemListElement":[{"@type":"ListItem","position":1,"name":"Portada","item":"https:\/\/www.fonag.org.ec\/web\/"},{"@type":"ListItem","position":2,"name":"Inicio"}]},{"@type":"WebSite","@id":"https:\/\/www.fonag.org.ec\/web\/#website","url":"https:\/\/www.fonag.org.ec\/web\/","name":"Fonag","description":"Fondo para la protecci\u00f3n del agua","potentialAction":[{"@type":"SearchAction","target":{"@type":"EntryPoint","urlTemplate":"https:\/\/www.fonag.org.ec\/web\/?s={search_term_string}"},"query-input":{"@type":"PropertyValueSpecification","valueRequired":true,"valueName":"search_term_string"}}],"inLanguage":"es"}]}},"_links":{"self":[{"href":"https:\/\/www.fonag.org.ec\/web\/wp-json\/wp\/v2\/pages\/10","targetHints":{"allow":["GET"]}}],"collection":[{"href":"https:\/\/www.fonag.org.ec\/web\/wp-json\/wp\/v2\/pages"}],"about":[{"href":"https:\/\/www.fonag.org.ec\/web\/wp-json\/wp\/v2\/types\/page"}],"author":[{"embeddable":true,"href":"https:\/\/www.fonag.org.ec\/web\/wp-json\/wp\/v2\/users\/1"}],"replies":[{"embeddable":true,"href":"https:\/\/www.fonag.org.ec\/web\/wp-json\/wp\/v2\/comments?post=10"}],"version-history":[{"count":5,"href":"https:\/\/www.fonag.org.ec\/web\/wp-json\/wp\/v2\/pages\/10\/revisions"}],"predecessor-version":[{"id":3160,"href":"https:\/\/www.fonag.org.ec\/web\/wp-json\/wp\/v2\/pages\/10\/revisions\/3160"}],"wp:attachment":[{"href":"https:\/\/www.fonag.org.ec\/web\/wp-json\/wp\/v2\/media?parent=10"}],"curies":[{"name":"wp","href":"https:\/\/api.w.org\/{rel}","templated":true}]}}