{"id":217,"date":"2024-06-12T18:34:16","date_gmt":"2024-06-12T18:34:16","guid":{"rendered":"https:\/\/www.fonag.org.ec\/web\/?page_id=217"},"modified":"2026-08-31T17:30:55","modified_gmt":"2026-08-31T17:30:55","slug":"donde-actuamos","status":"publish","type":"page","link":"https:\/\/www.fonag.org.ec\/web\/donde-actuamos\/","title":{"rendered":"D\u00f3nde actuamos"},"content":{"rendered":"\n<div class=\"et_pb_section_0 et_pb_section et_section_regular et_block_section\"><div class=\"et_pb_row_0 et_pb_row et_block_row\"><div class=\"et_pb_column_0 et_pb_column et_pb_column_4_4 et-last-child et_block_column et_pb_css_mix_blend_mode_passthrough\"><div class=\"et_pb_text_0 et_pb_text et_pb_bg_layout_light et_pb_module et_block_module et_pb_text_align_center\"><div class=\"et_pb_text_inner\"><h1>\u00bfD\u00f3nde actuamos?<\/h1>\n<\/div><\/div><div class=\"et_pb_text_1 et_pb_text et_pb_bg_layout_light et_pb_module et_block_module et_pb_text_align_center\"><div class=\"et_pb_text_inner\"><p>FONAG ha organizado su trabajo en nueve zonas:<br \/>Pisque, Papallacta, Antisana, Pita, San Pedro, Pichincha \u2013 Atacazo, Mindo, Nororiente y Noroccidente.<\/p>\n<\/div><\/div><\/div><\/div><\/div><div class=\"et_pb_section_1 et_pb_section et_section_regular et_block_section\"><div class=\"et_pb_row_1 et_pb_row et_block_row\"><div class=\"et_pb_column_1 et_pb_column et_pb_column_4_4 et-last-child et_block_column et_pb_css_mix_blend_mode_passthrough\"><div class=\"et_pb_text_2 et_pb_text et_pb_bg_layout_light et_pb_module et_block_module et_pb_text_align_justified\"><div class=\"et_pb_text_inner\"><p>El \u00e1rea geogr\u00e1fica donde actuamos se localiza en las provincias de Pichincha y Napo, espec\u00edficamente en la zona de la cuenca alta del r\u00edo Guayllabamba, adem\u00e1s de las unidades h\u00eddricas orientales y occidentales que son abastecedoras de agua para el Distrito Metropolitano de Quito.<\/p>\n<p>Varios de nuestros ejes de trabajo son zonas en las que la <a href=\"https:\/\/aguaquito.gob.ec\/\" target=\"_blank\" rel=\"noopener\">Empresa P\u00fablica Metropolitana de Agua y Saneamiento \u2013 EPMAPS Agua de Quito<\/a> mantiene sus sistemas de captaci\u00f3n.<\/p>\n<\/div><\/div><\/div><\/div><\/div><div class=\"et_pb_section_2 et_pb_section et_section_regular et_block_section\"><div class=\"et_pb_row_2 et_pb_row et_block_row\"><div class=\"et_pb_column_2 et_pb_column et_pb_column_4_4 et-last-child et_block_column et_pb_css_mix_blend_mode_passthrough\"><div class=\"et_pb_text_3 et_pb_text et_pb_bg_layout_light et_pb_module et_block_module et_pb_text_align_center\"><div class=\"et_pb_text_inner\"><p>Navega sobre el mapa y conoce los lugares desde donde llega el agua que consumes y los problemas que afectan a estas fuentes de agua. Tambi\u00e9n podr\u00e1s encontrar las acciones que realizamos para reducir estas amenazas.<\/p>\n<\/div><\/div><div class=\"et_pb_module et_d4_element revslider_divi revslider_divi_0\">\n\t\t\t\t\n\t\t\t\t\n\t\t\t\t\n\t\t\t\t\n\t\t\t\t\n\t\t\t\t\n\t\t\t\t<div class=\"et_pb_module_inner\">\n\t\t\t\t\t\n\t\t\t\t<p class=\"rs-p-wp-fix\"><\/p>\n\t\t\t\t<sr7-module data-alias=\"mapafo\" data-id=\"1\" id=\"SR7_1_1\" class=\"rs-ov-hidden\" data-version=\"6.7.18\">\n\t\t\t\t\t<sr7-adjuster><\/sr7-adjuster>\n\t\t\t\t\t<sr7-content>\n\t\t\t\t\t\t<sr7-slide id=\"SR7_1_1-1\" data-key=\"1\">\n\t\t\t\t\t\t\t<sr7-txt id=\"SR7_1_1-1-3\" class=\"sr7-layer\">Pisque<\/sr7-txt>\n\t\t\t\t\t\t\t<sr7-txt id=\"SR7_1_1-1-5\" class=\"sr7-layer\">Unidades hidrogr\u00e1ficas: San Pedro <br \/>\n<br \/>\nAbastece: Amagua\u00f1a y Machachi<br \/>\n<br \/>\nAmenazas: Los principales problemas que afectan los ecosistemas de la zona son los incendios, agricultura, cacer\u00eda, ganader\u00eda y turismo.<br \/>\n<br \/>\n\u00bfC\u00f3mo cuidamos las fuentes de agua? A trav\u00e9s de acciones de restauraci\u00f3n de vegetaci\u00f3n de ribera, cuidado de las fuentes de agua y acceso a agua segura para comunidades aleda\u00f1as y actividades agr\u00edcolas sostenibles.<\/sr7-txt>\n\t\t\t\t\t\t\t<sr7-txt id=\"SR7_1_1-1-9\" class=\"sr7-layer\">Noroccidente del DMQ<\/sr7-txt>\n\t\t\t\t\t\t\t<sr7-txt id=\"SR7_1_1-1-11\" class=\"sr7-layer\">Unidades hidrogr\u00e1ficas: Guayllabamba medio<br \/>\n<br \/>\nAbastece: Poblaciones Rurales del noroccidente del DMQ.<br \/>\n<br \/>\nAmenazas: Por Identificar<br \/>\n\u00bfC\u00f3mo cuidamos las fuentes de agua?<br \/>\nIniciamos el diagn\u00f3stico Hidrosocial que ser\u00e1 la herramienta para definir el plan de intervenciones del FONAG a corto, mediano y largo plazo.  <\/sr7-txt>\n\t\t\t\t\t\t\t<sr7-txt id=\"SR7_1_1-1-14\" class=\"sr7-layer\">Pichincha <br \/>\nAtacazo<\/sr7-txt>\n\t\t\t\t\t\t\t<sr7-txt id=\"SR7_1_1-1-15\" class=\"sr7-layer\">Unidades hidrogr\u00e1ficas: Pisque<br \/>\n<br \/>\nAbastece: Cayambe y Tabacundo<br \/>\n<br \/>\nAmenazas: Los principales problemas que afectan los ecosistemas de la zona son la ganader\u00eda extensiva asociada con pr\u00e1cticas de quema de pajona y la expansi\u00f3n de la frontera agr\u00edcola.<br \/>\n<br \/>\n\u00bfC\u00f3mo cuidamos las fuentes de agua?<br \/>\nActualmente estamos generando acuerdos de trabajo con la gerencia ambiental de Tabacundo para la consolidaci\u00f3n del ACUS de Mojanda y la elaboraci\u00f3n de su plan de manejo.<br \/>\n<br \/>\n<br \/>\n<\/sr7-txt>\n\t\t\t\t\t\t\t<sr7-txt id=\"SR7_1_1-1-16\" class=\"sr7-layer\">Unidades hidrogr\u00e1ficas: Pita<br \/>\n<br \/>\nAbastece: Conocoto, Ama\u00f1agua y los l\u00edmites con el cant\u00f3n Rumi\u00f1ahui<br \/>\n<br \/>\nAmenazas: Los principales problemas que afectan los ecosistemas de la zona son los incendios, la ganader\u00eda, la pesca Furtiva y la cacer\u00eda ilegal. A esto se suma la degradaci\u00f3n extrema debido a sobrepastoreo<br \/>\n\u00bfC\u00f3mo cuidamos las fuentes de agua?  A trav\u00e9s de acciones de control y vigilancia por parte de nuestros guardap\u00e1ramos quienes se encargan, entre otras cosas, de retirar la carga animal en la zona, controlar incendios y monitorear nuestras acciones de restauraci\u00f3n de humedales y recuperaci\u00f3n de la cobertura vegetal.<br \/>\n<\/sr7-txt>\n\t\t\t\t\t\t\t<sr7-txt id=\"SR7_1_1-1-19\" class=\"sr7-layer\">Papallacta<\/sr7-txt>\n\t\t\t\t\t\t\t<sr7-txt id=\"SR7_1_1-1-21\" class=\"sr7-layer\">Nororiente <br \/>\ndel DMQ<\/sr7-txt>\n\t\t\t\t\t\t\t<sr7-txt id=\"SR7_1_1-1-24\" class=\"sr7-layer\">Pita<br \/>\n<\/sr7-txt>\n\t\t\t\t\t\t\t<sr7-txt id=\"SR7_1_1-1-27\" class=\"sr7-layer\">Unidades hidrogr\u00e1ficas: Oyacachi, Papallacta y Chalpi<br \/>\n<br \/>\nAbastece: Norte de Quito y parroquias nororientales<br \/>\n<br \/>\nAmenazas: Los principales problemas que afectan los ecosistemas de la zona son la generaci\u00f3n de basura en la v\u00eda y en las fuentes de aguas, la extracci\u00f3n de suelo negro y plantas nativas, la ganader\u00eda y el turismo masivo.<br \/>\n<br \/>\n\u00bfC\u00f3mo cuidamos las fuentes de agua?  A trav\u00e9s de acciones de control y vigilancia por parte de nuestros guardap\u00e1ramos quienes se encargan de retirar la carga animal en la zona, adem\u00e1s de identificar y monitorear acciones de restauraci\u00f3n en humedales y cobertura vegetal.<br \/>\n<\/sr7-txt>\n\t\t\t\t\t\t\t<sr7-txt id=\"SR7_1_1-1-30\" class=\"sr7-layer\">San Pedro<\/sr7-txt>\n\t\t\t\t\t\t\t<sr7-txt id=\"SR7_1_1-1-31\" class=\"sr7-layer\">Unidades hidrogr\u00e1ficas: Mindo<br \/>\n<br \/>\nAbastece: La Rold\u00f3s, Pisul\u00ed y Atucucho<br \/>\n<br \/>\nAmenazas: Los principales problemas que afectan a los ecosistemas de esta \u00e1rea son la deforestaci\u00f3n y ganader\u00eda.<br \/>\n<br \/>\n\u00bfC\u00f3mo cuidamos las fuentes de agua? <br \/>\nIniciamos el diagn\u00f3stico Hidrosocial que ser\u00e1 la herramienta para definir el plan de intervenciones del FONAG a corto, mediano y largo plazo.  <\/sr7-txt>\n\t\t\t\t\t\t\t<sr7-txt id=\"SR7_1_1-1-32\" class=\"sr7-layer\">Mindo<\/sr7-txt>\n\t\t\t\t\t\t\t<sr7-txt id=\"SR7_1_1-1-36\" class=\"sr7-layer\">Unidades hidrogr\u00e1ficas: Saloya y Cinto<br \/>\n<br \/>\nAbastece: Centro de Quito <br \/>\n<br \/>\nAmenazas: Los principales problemas que afectan a los ecosistemas de esta \u00e1rea son las quemas y el crecimiento de la frontera agr\u00edcola asociados a la ganader\u00eda y agricultura. <br \/>\n<br \/>\n\u00bfC\u00f3mo cuidamos las fuentes de agua? Promovemos el manejo de pastos y cultivos org\u00e1nicos y vigilamos la zona a trav\u00e9s de nuestros guardap\u00e1ramos. Trabajamos con acuerdos comunitarios y el involucramiento de otras organizaciones aliadas como el Cuerpo de Bomberos.<\/sr7-txt>\n\t\t\t\t\t\t\t<sr7-txt id=\"SR7_1_1-1-39\" class=\"sr7-layer\">Antisana<br \/>\n<\/sr7-txt>\n\t\t\t\t\t\t\t<sr7-txt id=\"SR7_1_1-1-40\" class=\"sr7-layer\">Unidades hidrogr\u00e1ficas: Quijos y Antisana<br \/>\n<br \/>\nAbastece: Sur de Quito<br \/>\n<br \/>\nAmenazas: Los principales problemas que afectan los ecosistemas de la zona son ganader\u00eda, turismo masivo, cacer\u00eda ilegal y la degradaci\u00f3n extrema debido a sobrepastoreo.<br \/>\n<br \/>\n\u00bfC\u00f3mo cuidamos las fuentes de agua?  A trav\u00e9s de acciones de control y vigilancia por parte de nuestros guardap\u00e1ramos quienes se encargan, entre otras cosas, de retirar la carga animal en la zona y generar un censo de ganado. Este trabajo se realiza en coordinaci\u00f3n con la EPMAPS, Agua de Quito y el Ministerio de Ambiente.<\/sr7-txt>\n\t\t\t\t\t\t\t<sr7-txt id=\"SR7_1_1-1-41\" class=\"sr7-layer\">Unidades hidrogr\u00e1ficas: Guayllabamba alto<br \/>\n<br \/>\nAbastece: Poblaciones Rurales del nororiente del DMQ.<br \/>\n<br \/>\nAmenazas: Los principales problemas que afectan los ecosistemas de la zona son la agricultura tradicional, contaminaci\u00f3n de fuentes de agua con qu\u00edmicos, presencia de ganado vacuno en el p\u00e1ramo, incendios, cacer\u00eda, el turismo masivo y el enduro.<br \/>\n<br \/>\n\u00bfC\u00f3mo cuidamos las fuentes de agua?<br \/>\nA trav\u00e9s de acciones de cambio de uso de suelo; gesti\u00f3n de proyectos de soberan\u00eda alimentaria, agroecolog\u00eda y riego; incentivo a la siembra de cultivos org\u00e1nicos; compra de bioinsumos; y baja de carga animal de manera comunitaria. Adem\u00e1s del de control y vigilancia por parte de nuestros guardap\u00e1ramos. <\/sr7-txt>\n\t\t\t\t\t\t\t<sr7-txt id=\"SR7_1_1-1-44\" class=\"sr7-layer\">Centros poblados<\/sr7-txt>\n\t\t\t\t\t\t<\/sr7-slide>\n\t\t\t\t\t\t<sr7-slide id=\"SR7_1_1-2\" data-key=\"2\">\n\t\t\t\t\t\t<\/sr7-slide>\n\t\t\t\t\t<\/sr7-content>\n\t\t\t\t\t<image_lists style=\"display:none\">\n\t\t\t\t\t\t<img data-src=\"\/\/www.fonag.org.ec\/web\/wp-content\/uploads\/revslider\/mapa-Pichincha.png\" width=\"0\" height=\"0\" data-dbsrc=\"Ly93d3cuZm9uYWcub3JnLmVjL3dlYi93cC1jb250ZW50L3VwbG9hZHMvcmV2c2xpZGVyL21hcGEtUGljaGluY2hhLnBuZw==\"\/>\n\t\t\t\t\t\t<img data-src=\"\/\/www.fonag.org.ec\/web\/wp-content\/uploads\/revslider\/mapa-noroccidente-del-pichincha.png\" width=\"0\" height=\"0\" data-dbsrc=\"Ly93d3cuZm9uYWcub3JnLmVjL3dlYi93cC1jb250ZW50L3VwbG9hZHMvcmV2c2xpZGVyL21hcGEtbm9yb2NjaWRlbnRlLWRlbC1waWNoaW5jaGEucG5n\"\/>\n\t\t\t\t\t\t<img data-src=\"\/\/www.fonag.org.ec\/web\/wp-content\/uploads\/revslider\/mapa-pisque.png\" width=\"0\" height=\"0\" data-dbsrc=\"Ly93d3cuZm9uYWcub3JnLmVjL3dlYi93cC1jb250ZW50L3VwbG9hZHMvcmV2c2xpZGVyL21hcGEtcGlzcXVlLnBuZw==\"\/>\n\t\t\t\t\t\t<img loading=\"lazy\" loading=\"lazy\" data-src=\"\/\/www.fonag.org.ec\/web\/wp-content\/uploads\/revslider\/mapa-mindo.png\" width=\"0\" height=\"0\" data-dbsrc=\"Ly93d3cuZm9uYWcub3JnLmVjL3dlYi93cC1jb250ZW50L3VwbG9hZHMvcmV2c2xpZGVyL21hcGEtbWluZG8ucG5n\"\/>\n\t\t\t\t\t\t<img loading=\"lazy\" loading=\"lazy\" data-src=\"\/\/www.fonag.org.ec\/web\/wp-content\/uploads\/revslider\/mapa-Papallacta.png\" width=\"0\" height=\"0\" data-dbsrc=\"Ly93d3cuZm9uYWcub3JnLmVjL3dlYi93cC1jb250ZW50L3VwbG9hZHMvcmV2c2xpZGVyL21hcGEtUGFwYWxsYWN0YS5wbmc=\"\/>\n\t\t\t\t\t\t<img loading=\"lazy\" loading=\"lazy\" data-src=\"\/\/www.fonag.org.ec\/web\/wp-content\/uploads\/revslider\/mapa-nororiente.png\" width=\"0\" height=\"0\" data-dbsrc=\"Ly93d3cuZm9uYWcub3JnLmVjL3dlYi93cC1jb250ZW50L3VwbG9hZHMvcmV2c2xpZGVyL21hcGEtbm9yb3JpZW50ZS5wbmc=\"\/>\n\t\t\t\t\t\t<img loading=\"lazy\" loading=\"lazy\" data-src=\"\/\/www.fonag.org.ec\/web\/wp-content\/uploads\/revslider\/mapa-Pita.png\" width=\"0\" height=\"0\" data-dbsrc=\"Ly93d3cuZm9uYWcub3JnLmVjL3dlYi93cC1jb250ZW50L3VwbG9hZHMvcmV2c2xpZGVyL21hcGEtUGl0YS5wbmc=\"\/>\n\t\t\t\t\t\t<img loading=\"lazy\" loading=\"lazy\" data-src=\"\/\/www.fonag.org.ec\/web\/wp-content\/uploads\/revslider\/mapa-san-pedro.png\" width=\"0\" height=\"0\" data-dbsrc=\"Ly93d3cuZm9uYWcub3JnLmVjL3dlYi93cC1jb250ZW50L3VwbG9hZHMvcmV2c2xpZGVyL21hcGEtc2FuLXBlZHJvLnBuZw==\"\/>\n\t\t\t\t\t\t<img loading=\"lazy\" loading=\"lazy\" data-src=\"\/\/www.fonag.org.ec\/web\/wp-content\/uploads\/revslider\/mapa-pichincha-atacazo.png\" width=\"0\" height=\"0\" data-dbsrc=\"Ly93d3cuZm9uYWcub3JnLmVjL3dlYi93cC1jb250ZW50L3VwbG9hZHMvcmV2c2xpZGVyL21hcGEtcGljaGluY2hhLWF0YWNhem8ucG5n\"\/>\n\t\t\t\t\t\t<img loading=\"lazy\" loading=\"lazy\" data-src=\"\/\/www.fonag.org.ec\/web\/wp-content\/uploads\/revslider\/mapa-antisana.png\" width=\"0\" height=\"0\" data-dbsrc=\"Ly93d3cuZm9uYWcub3JnLmVjL3dlYi93cC1jb250ZW50L3VwbG9hZHMvcmV2c2xpZGVyL21hcGEtYW50aXNhbmEucG5n\"\/>\n\t\t\t\t\t\t<img loading=\"lazy\" loading=\"lazy\" data-src=\"\/\/www.fonag.org.ec\/web\/wp-content\/uploads\/2022\/01\/mapa.png\" width=\"0\" height=\"0\" data-dbsrc=\"Ly93d3cuZm9uYWcub3JnLmVjL3dlYi93cC1jb250ZW50L3VwbG9hZHMvMjAyMi8wMS9tYXBhLnBuZw==\"\/>\n\t\t\t\t\t\t<img loading=\"lazy\" loading=\"lazy\" data-src=\"\/\/www.fonag.org.ec\/web\/wp-content\/uploads\/2022\/01\/rojo.webp\" width=\"0\" height=\"0\" data-dbsrc=\"Ly93d3cuZm9uYWcub3JnLmVjL3dlYi93cC1jb250ZW50L3VwbG9hZHMvMjAyMi8wMS9yb2pvLndlYnA=\"\/>\n\t\t\t\t\t<\/image_lists>\n\t\t\t\t<\/sr7-module>\n\t\t\t\t<script>\n\t\t\t\t\tSR7.PMH ??={}; SR7.PMH[\"SR7_1_1\"] = {cn:0,state:false,fn: function() { if (_tpt!==undefined && _tpt.prepareModuleHeight !== undefined) {  _tpt.prepareModuleHeight({id:\"SR7_1_1\",el:[1070,1070,1070,1070,720],type:'hero',shdw:'0',gh:[1070,1070,1070,1070,720],gw:[1400,1400,1400,1400,480],vpt:['-200px&#039;,&#039;-200px&#039;,&#039;-200px&#039;,&#039;-200px&#039;,&#039;-200px'],size:{fullWidth:true, fullHeight:false},mh:'0',onh:0,onw:0,bg:{color:'{\"orig\":\"transparent\",\"type\":\"solid\",\"string\":\"transparent\"}'},plType:'0',plColor:'#FFFFFF'});   SR7.PMH[\"SR7_1_1\"].state=true;} else if((SR7.PMH[\"SR7_1_1\"].cn++)<100)\tsetTimeout( SR7.PMH[\"SR7_1_1\"].fn,19);}};SR7.PMH[\"SR7_1_1\" ].fn();\n\t\t\t\t<\/script>\n\n\t\t\t\t<\/div>\n\t\t\t<\/div><\/div><\/div><\/div>\n","protected":false},"excerpt":{"rendered":"","protected":false},"author":1,"featured_media":0,"parent":0,"menu_order":0,"comment_status":"closed","ping_status":"closed","template":"","meta":{"nf_dc_page":"","_et_pb_use_builder":"on","_et_pb_old_content":"","_et_gb_content_width":"","footnotes":"","_members_access_role":[],"_members_access_error":"","_links_to":"","_links_to_target":""},"class_list":["post-217","page","type-page","status-publish","hentry"],"yoast_head":"<!-- This site is optimized with the Yoast SEO plugin v28.4 - https:\/\/yoast.com\/product\/yoast-seo-wordpress\/ -->\n<title>D\u00f3nde actuamos - FONAG<\/title>\n<meta name=\"description\" content=\"\u00bfD\u00f3nde actuamos? Trabajamos en 9 zonas: Pisque, Papallacta, Antisana, Pita, San Pedro, Pichincha \u2013 Atacazo, Mindo, Nororiente y Noroccidente.\" \/>\n<meta name=\"robots\" content=\"index, follow, max-snippet:-1, max-image-preview:large, max-video-preview:-1\" \/>\n<link rel=\"canonical\" href=\"https:\/\/www.fonag.org.ec\/web\/donde-actuamos\/\" \/>\n<meta property=\"og:locale\" content=\"es_ES\" \/>\n<meta property=\"og:type\" content=\"article\" \/>\n<meta property=\"og:title\" content=\"\u00bfD\u00f3nde acutamos?\" \/>\n<meta property=\"og:description\" content=\"FONAG ha organizado su trabajo en nueve zonas: Pisque, Papallacta, Antisana, Pita, San Pedro, Pichincha \u2013 Atacazo, Mindo, Nororiente y Noroccidente.\" \/>\n<meta property=\"og:url\" content=\"https:\/\/www.fonag.org.ec\/web\/donde-actuamos\/\" \/>\n<meta property=\"og:site_name\" content=\"FONAG\" \/>\n<meta property=\"article:modified_time\" content=\"2026-08-31T17:30:55+00:00\" \/>\n<meta property=\"og:image\" content=\"https:\/\/www.fonag.org.ec\/web\/wp-content\/uploads\/2024\/07\/FONAG-Favicon.png\" \/>\n\t<meta property=\"og:image:width\" content=\"550\" \/>\n\t<meta property=\"og:image:height\" content=\"550\" \/>\n\t<meta property=\"og:image:type\" content=\"image\/png\" \/>\n<meta name=\"twitter:card\" content=\"summary_large_image\" \/>\n<meta name=\"twitter:title\" content=\"\u00bfD\u00f3nde actuamos?\" \/>\n<meta name=\"twitter:description\" content=\"FONAG ha organizado su trabajo en nueve zonas:Pisque, Papallacta, Antisana, Pita, San Pedro, Pichincha \u2013 Atacazo, Mindo, Nororiente y Noroccidente.\" \/>\n<meta name=\"twitter:image\" content=\"https:\/\/www.fonag.org.ec\/web\/wp-content\/uploads\/2024\/07\/FONAG-Favicon.png\" \/>\n<meta name=\"twitter:label1\" content=\"Tiempo de lectura\" \/>\n\t<meta name=\"twitter:data1\" content=\"7 minutos\" \/>\n<script type=\"application\/ld+json\" class=\"yoast-schema-graph\">{\"@context\":\"https:\\\/\\\/schema.org\",\"@graph\":[{\"@type\":\"WebPage\",\"@id\":\"https:\\\/\\\/www.fonag.org.ec\\\/web\\\/donde-actuamos\\\/\",\"url\":\"https:\\\/\\\/www.fonag.org.ec\\\/web\\\/donde-actuamos\\\/\",\"name\":\"D\u00f3nde actuamos - FONAG\",\"isPartOf\":{\"@id\":\"https:\\\/\\\/www.fonag.org.ec\\\/web\\\/#website\"},\"datePublished\":\"2024-06-12T18:34:16+00:00\",\"dateModified\":\"2026-08-31T17:30:55+00:00\",\"description\":\"\u00bfD\u00f3nde actuamos? Trabajamos en 9 zonas: Pisque, Papallacta, Antisana, Pita, San Pedro, Pichincha \u2013 Atacazo, Mindo, Nororiente y Noroccidente.\",\"breadcrumb\":{\"@id\":\"https:\\\/\\\/www.fonag.org.ec\\\/web\\\/donde-actuamos\\\/#breadcrumb\"},\"inLanguage\":\"es\",\"potentialAction\":[{\"@type\":\"ReadAction\",\"target\":[\"https:\\\/\\\/www.fonag.org.ec\\\/web\\\/donde-actuamos\\\/\"]}]},{\"@type\":\"BreadcrumbList\",\"@id\":\"https:\\\/\\\/www.fonag.org.ec\\\/web\\\/donde-actuamos\\\/#breadcrumb\",\"itemListElement\":[{\"@type\":\"ListItem\",\"position\":1,\"name\":\"Portada\",\"item\":\"https:\\\/\\\/www.fonag.org.ec\\\/web\\\/\"},{\"@type\":\"ListItem\",\"position\":2,\"name\":\"D\u00f3nde actuamos\"}]},{\"@type\":\"WebSite\",\"@id\":\"https:\\\/\\\/www.fonag.org.ec\\\/web\\\/#website\",\"url\":\"https:\\\/\\\/www.fonag.org.ec\\\/web\\\/\",\"name\":\"Fonag\",\"description\":\"Fondo para la protecci\u00f3n del agua\",\"potentialAction\":[{\"@type\":\"SearchAction\",\"target\":{\"@type\":\"EntryPoint\",\"urlTemplate\":\"https:\\\/\\\/www.fonag.org.ec\\\/web\\\/?s={search_term_string}\"},\"query-input\":{\"@type\":\"PropertyValueSpecification\",\"valueRequired\":true,\"valueName\":\"search_term_string\"}}],\"inLanguage\":\"es\"}]}<\/script>\n<!-- \/ Yoast SEO plugin. -->","yoast_head_json":{"title":"D\u00f3nde actuamos - FONAG","description":"\u00bfD\u00f3nde actuamos? Trabajamos en 9 zonas: Pisque, Papallacta, Antisana, Pita, San Pedro, Pichincha \u2013 Atacazo, Mindo, Nororiente y Noroccidente.","robots":{"index":"index","follow":"follow","max-snippet":"max-snippet:-1","max-image-preview":"max-image-preview:large","max-video-preview":"max-video-preview:-1"},"canonical":"https:\/\/www.fonag.org.ec\/web\/donde-actuamos\/","og_locale":"es_ES","og_type":"article","og_title":"\u00bfD\u00f3nde acutamos?","og_description":"FONAG ha organizado su trabajo en nueve zonas: Pisque, Papallacta, Antisana, Pita, San Pedro, Pichincha \u2013 Atacazo, Mindo, Nororiente y Noroccidente.","og_url":"https:\/\/www.fonag.org.ec\/web\/donde-actuamos\/","og_site_name":"FONAG","article_modified_time":"2026-08-31T17:30:55+00:00","og_image":[{"width":550,"height":550,"url":"https:\/\/www.fonag.org.ec\/web\/wp-content\/uploads\/2024\/07\/FONAG-Favicon.png","type":"image\/png"}],"twitter_card":"summary_large_image","twitter_title":"\u00bfD\u00f3nde actuamos?","twitter_description":"FONAG ha organizado su trabajo en nueve zonas:Pisque, Papallacta, Antisana, Pita, San Pedro, Pichincha \u2013 Atacazo, Mindo, Nororiente y Noroccidente.","twitter_image":"https:\/\/www.fonag.org.ec\/web\/wp-content\/uploads\/2024\/07\/FONAG-Favicon.png","twitter_misc":{"Tiempo de lectura":"7 minutos"},"schema":{"@context":"https:\/\/schema.org","@graph":[{"@type":"WebPage","@id":"https:\/\/www.fonag.org.ec\/web\/donde-actuamos\/","url":"https:\/\/www.fonag.org.ec\/web\/donde-actuamos\/","name":"D\u00f3nde actuamos - FONAG","isPartOf":{"@id":"https:\/\/www.fonag.org.ec\/web\/#website"},"datePublished":"2024-06-12T18:34:16+00:00","dateModified":"2026-08-31T17:30:55+00:00","description":"\u00bfD\u00f3nde actuamos? Trabajamos en 9 zonas: Pisque, Papallacta, Antisana, Pita, San Pedro, Pichincha \u2013 Atacazo, Mindo, Nororiente y Noroccidente.","breadcrumb":{"@id":"https:\/\/www.fonag.org.ec\/web\/donde-actuamos\/#breadcrumb"},"inLanguage":"es","potentialAction":[{"@type":"ReadAction","target":["https:\/\/www.fonag.org.ec\/web\/donde-actuamos\/"]}]},{"@type":"BreadcrumbList","@id":"https:\/\/www.fonag.org.ec\/web\/donde-actuamos\/#breadcrumb","itemListElement":[{"@type":"ListItem","position":1,"name":"Portada","item":"https:\/\/www.fonag.org.ec\/web\/"},{"@type":"ListItem","position":2,"name":"D\u00f3nde actuamos"}]},{"@type":"WebSite","@id":"https:\/\/www.fonag.org.ec\/web\/#website","url":"https:\/\/www.fonag.org.ec\/web\/","name":"Fonag","description":"Fondo para la protecci\u00f3n del agua","potentialAction":[{"@type":"SearchAction","target":{"@type":"EntryPoint","urlTemplate":"https:\/\/www.fonag.org.ec\/web\/?s={search_term_string}"},"query-input":{"@type":"PropertyValueSpecification","valueRequired":true,"valueName":"search_term_string"}}],"inLanguage":"es"}]}},"_links":{"self":[{"href":"https:\/\/www.fonag.org.ec\/web\/wp-json\/wp\/v2\/pages\/217","targetHints":{"allow":["GET"]}}],"collection":[{"href":"https:\/\/www.fonag.org.ec\/web\/wp-json\/wp\/v2\/pages"}],"about":[{"href":"https:\/\/www.fonag.org.ec\/web\/wp-json\/wp\/v2\/types\/page"}],"author":[{"embeddable":true,"href":"https:\/\/www.fonag.org.ec\/web\/wp-json\/wp\/v2\/users\/1"}],"replies":[{"embeddable":true,"href":"https:\/\/www.fonag.org.ec\/web\/wp-json\/wp\/v2\/comments?post=217"}],"version-history":[{"count":5,"href":"https:\/\/www.fonag.org.ec\/web\/wp-json\/wp\/v2\/pages\/217\/revisions"}],"predecessor-version":[{"id":3166,"href":"https:\/\/www.fonag.org.ec\/web\/wp-json\/wp\/v2\/pages\/217\/revisions\/3166"}],"wp:attachment":[{"href":"https:\/\/www.fonag.org.ec\/web\/wp-json\/wp\/v2\/media?parent=217"}],"curies":[{"name":"wp","href":"https:\/\/api.w.org\/{rel}","templated":true}]}}